{"id":567,"date":"2018-11-27T18:13:00","date_gmt":"2018-11-27T18:13:00","guid":{"rendered":"http:\/\/amarantavegetal.cat\/politica-de-privacitat\/"},"modified":"2018-12-24T15:45:15","modified_gmt":"2018-12-24T15:45:15","slug":"politica-de-privacidad","status":"publish","type":"page","link":"https:\/\/amarantavegetal.cat\/es\/politica-de-privacidad\/","title":{"rendered":"Pol\u00edtica de privacidad"},"content":{"rendered":"<div class=\"wpb-content-wrapper\"><p>[vc_row css_animation=\u00bb\u00bb row_type=\u00bbrow\u00bb use_row_as_full_screen_section=\u00bbno\u00bb type=\u00bbgrid\u00bb angled_section=\u00bbno\u00bb text_align=\u00bbleft\u00bb background_image_as_pattern=\u00bbwithout_pattern\u00bb padding_top=\u00bb60&#8243; padding_bottom=\u00bb60&#8243; z_index=\u00bb\u00bb][vc_column][vc_column_text]<\/p>\n<div class=\"container\">\n<div class=\"container_inner default_template_holder clearfix page_container_inner\">\n<div class=\"vc_row wpb_row section vc_row-fluid \">\n<div class=\" full_section_inner clearfix\">\n<div class=\"wpb_column vc_column_container vc_col-sm-12\">\n<div class=\"vc_column-inner \">\n<div class=\"wpb_wrapper\">\n<div class=\"wpb_text_column wpb_content_element \">\n<div class=\"wpb_wrapper\">\n<div id=\"lipsum\">\n<p>El sitio web y el dominio www.amarantavegetal.cat corresponden a AMARANTA VEGETAL, de titularidad de Loris Cover, con NIF X1855182W y domicilio en la calle Riu G\u00fcell 31-33. 17005 Girona, tel\u00e9fono 972 94 08 32 y email <a href=\"mailto:info@amarantavegetal.cat\" target=\"_blank\" rel=\"noopener\">info@amarantavegetal.cat<\/a>.<\/p>\n<p>&nbsp;<\/p>\n<p><b>PROPIEDAD INTELECTUAL Y INDUSTRIAL<\/b><\/p>\n<p>Los contenidos de este lugar, incluyendo los textos, im\u00e1genes y dise\u00f1os gr\u00e1ficos, pertenecen a AMARANTA VEGETAL, o en terceros que han autorizado su uso. AMARANTA VEGETAL presenta estos contenidos con fines de informaci\u00f3n y publicidad. AMARANTA VEGETAL autoriza la utilizaci\u00f3n exclusivamente con estas finalidades. Cualquier utilizaci\u00f3n de estos dise\u00f1os, im\u00e1genes o textos tendr\u00e1 que citar expresamente su pertenencia a AMARANTA VEGETAL, que se reserva el derecho a iniciar las acciones legales oportunas para reparar los da\u00f1os y perjuicios causados por cualquier acto que vulnere sus derechos de propiedad intelectual o industrial.<br \/>\nNo se autorizan presentaciones de los contenidos de este lugar en una ventana ajena a agenciavilallonga.cat (framing).<\/p>\n<p>&nbsp;<\/p>\n<p id=\"dades\"><b>PROTECCI\u00d3N DE DATOS<\/b><\/p>\n<p>Los datos personales que se puedan obtener por medio del formulario de contacto de esta p\u00e1gina o bien por la recepci\u00f3n de correos electr\u00f3nicos se incorporar\u00e1n a un fichero creado por AMARANTA VEGETAL para el env\u00edo de informaci\u00f3n de la empresa.<br \/>\nEn cualquier momento la persona interesada podr\u00e1 ejercer sus derechos de acceso a los datos, rectificaci\u00f3n, oposici\u00f3n al tratamiento y cancelaci\u00f3n dirigi\u00e9ndose a AMARANTA VEGETAL de la forma que le sea m\u00e1s c\u00f3moda.<\/p>\n<p>&nbsp;<\/p>\n<p><b>RESPONSABILIDAD SOBRE LOS CONTENIDOS<\/b><\/p>\n<p>A pesar de que AMARANTA VEGETAL act\u00faa con el m\u00e1ximo de diligencia posible, se puede dar el caso que alg\u00fan dato o informaci\u00f3n no est\u00e9 del todo actualizada en el momento que el usuario del sitio web lo consulte. Por eso AMARANTA VEGETAL manifiesta que las referencias de los productos y servicios que se presentan en su sitio web tienen una funci\u00f3n orientativa y no obligan a AMARANTA VEGETAL hasta la contrataci\u00f3n expr\u00e9s de un pedido.<br \/>\nAMARANTA VEGETAL se reserva el derecho a modificar unilateralmente, en cualquier momento y sin aviso previo, la presentaci\u00f3n, configuraci\u00f3n y contenidos del web.<br \/>\nAMARANTA VEGETAL no ser\u00e1 responsable de la informaci\u00f3n que se pueda obtener a trav\u00e9s de enlaces incluidos en el lugar.<\/p>\n<p>&nbsp;<\/p>\n<p id=\"cookies\"><b>POL\u00cdTICA DE COOKIES<\/b><\/p>\n<p>Las cookies o galletas son unos peque\u00f1os archivos de texto que se instalan a los equipos desde los cuales se accede a nuestro sitio web. Pueden guardar la identificaci\u00f3n del usuario que visita el web y los lugares por los cuales navega. Cuando el usuario (usted en este caso) nos vuelve a visitar se leen las cookies para identificarlo y restablecer sus preferencias y configuraci\u00f3n de navegaci\u00f3n. Si un usuario no autoriza el uso de las cookies algunos servicios o funcionalidades del sitio web podr\u00edan no estar disponibles.<\/p>\n<p>Queremos que este lugar ofrezca un buen servicio y que sea f\u00e1cil de utilizar. Nuestro objetivo es ofrecerle productos y servicios personalizados. En este sentido las cookies nos permiten:<\/p>\n<ul class=\"unordered\">\n<li>Identificar los usuarios registrados cuando vuelven al lugar porque puedan recuperar resultados de su actividad anterior.<\/li>\n<li>Ahorrar tiempo evitando la necesidad de volver a introducir la misma informaci\u00f3n.<\/li>\n<li>Proteger su seguridad mediante la comprobaci\u00f3n de los datos de inicio de sesi\u00f3n.<\/li>\n<\/ul>\n<p>Algunas cookies son de colaboradores externos y sirven para:<\/p>\n<ul class=\"unordered\">\n<li>Analizar estad\u00edsticamente la informaci\u00f3n a la que acceden los usuarios de nuestro lugar. Los datos recopilados pueden incluir la actividad del navegador del usuario cuando nos visita, la ruta que siguen los usuarios en nuestro lugar, informaci\u00f3n del proveedor de servicios de Internet del visitante, el n\u00famero a veces que los usuarios acceden al lugar y el comportamiento de los usuarios a nuestro lugar (p\u00e1ginas que ha visitado, formularios que se han completado y similares).<\/li>\n<li>Identificar los usuarios que nos visitan desde la invitaci\u00f3n de un sitio web asociado o de un enlace patrocinado.<\/li>\n<\/ul>\n<p>Usted puede revocar el consentimiento a la utilizaci\u00f3n de cookies elimin\u00e1ndolas por medio de las opciones que le ofrece su navegador.<\/p>\n<p>Este sitio web utiliza las galletas siguientes:<\/p>\n<ul class=\"unordered\">\n<li>Google Analytics GA Tracking (_ga) per a obtenir i analitzar informaci\u00f3 de la navegaci\u00f3 dels usuaris. M\u00e9s informaci\u00f3 a <a href=\"http:\/\/www.google.com\/analytics\/\" target=\"_blank\" rel=\"noopener\">www.google.com\/analytics\/<\/a>.<\/li>\n<li>Per controlar la recopilaci\u00f3 de dades amb finalitats anal\u00edtiques per part de Google Analytics, pot anar a <a href=\"https:\/\/tools.google.com\/dlpage\/gaoptout?hl=en\" target=\"_blank\" rel=\"noopener\">https:\/\/tools.google.com\/dlpage\/gaoptout?hl=en<\/a>.<\/li>\n<li>cookies, per saber si un usuari ha acceptat la pol\u00edtica de cookies o no.<\/li>\n<\/ul>\n<p>Usted puede configurar su navegador para que lo informe previamente de la posible instalaci\u00f3n de cookies. Tambi\u00e9n podr\u00e1 optar para que se supriman autom\u00e1ticamente una vez se cierre el navegador, equipo o dispositivo. Puede encontrar informaci\u00f3n sobre c\u00f3mo hacerlo a:<\/p>\n<ul class=\"unordered\">\n<li>Per a Firefox a <a href=\"http:\/\/support.mozilla.org\/ca\/kb\/Galetes\" target=\"_blank\" rel=\"noopener\">http:\/\/support.mozilla.org\/ca\/kb\/Galetes<\/a><\/li>\n<li>Per a Chrome a <a href=\"https:\/\/support.google.com\/chrome\/answer\/95647?hl=ca\" target=\"_blank\" rel=\"noopener\">https:\/\/support.google.com\/chrome\/answer\/95647?hl=ca<\/a><\/li>\n<li>Per a Explorer a <a href=\"http:\/\/windows.microsoft.com\/es-es\/windows7\/how-to-manage-cookies-in-internet-explorer-9\">http:\/\/windows.microsoft.com\/es-es\/windows7\/how-to-manage-cookies-in-internet-explorer-9<\/a><\/li>\n<li>Per a Safari a <a href=\"http:\/\/support.apple.com\/kb\/ph5042\" target=\"_blank\" rel=\"noopener\">http:\/\/support.apple.com\/kb\/ph5042<\/a><\/li>\n<li>Per a Safari per a iOS a <a href=\"http:\/\/support.apple.com\/kb\/HT1677?viewlocale=es_ES\" target=\"_blank\" rel=\"noopener\">http:\/\/support.apple.com\/kb\/HT1677?viewlocale=es_ES<\/a><\/li>\n<li>Per a Opera a <a href=\"http:\/\/help.opera.com\/Windows\/11.50\/es-ES\/cookies.html\" target=\"_blank\" rel=\"noopener\">http:\/\/help.opera.com\/Windows\/11.50\/es-ES\/cookies.html<\/a><\/li>\n<\/ul>\n<p>&nbsp;<\/p>\n<p><b>CONDICIONES DE USO<br \/>\n<\/b><\/p>\n<p>El uso de este web implica la aceptaci\u00f3n llena de los t\u00e9rminos y condiciones del presente aviso legal. Los posibles conflictos relativos en este web se regir\u00e1n exclusivamente por el derecho del estado espa\u00f1ol. Toda persona usuaria del web, independientemente de la jurisdicci\u00f3n territorial desde la cual se produzca su acceso, acepta el cumplimiento y respecto de estas cl\u00e1usulas con renuncia expr\u00e9s a cualquier otro fuero que le pudiera corresponder.<\/p>\n<\/div>\n<\/div>\n<\/div>\n<\/div>\n<\/div>\n<\/div>\n<\/div>\n<\/div>\n<div class=\"vc_row wpb_row section vc_row-fluid \">\n<div class=\" full_section_inner clearfix\">\n<div class=\"wpb_column vc_column_container vc_col-sm-12\">\n<div class=\"vc_column-inner \">\n<div class=\"wpb_wrapper\">\n<div class=\"separator transparent \"><\/div>\n<\/div>\n<\/div>\n<\/div>\n<\/div>\n<\/div>\n<\/div>\n<\/div>\n<p>[\/vc_column_text][\/vc_column][\/vc_row]<\/p>\n<\/div>","protected":false},"excerpt":{"rendered":"<p>[vc_row css_animation=\u00bb\u00bb row_type=\u00bbrow\u00bb use_row_as_full_screen_section=\u00bbno\u00bb type=\u00bbgrid\u00bb angled_section=\u00bbno\u00bb text_align=\u00bbleft\u00bb background_image_as_pattern=\u00bbwithout_pattern\u00bb padding_top=\u00bb60&#8243; padding_bottom=\u00bb60&#8243; z_index=\u00bb\u00bb][vc_column][vc_column_text] El sitio web y el dominio www.amarantavegetal.cat corresponden a AMARANTA VEGETAL, de titularidad de Loris Cover, con NIF X1855182W y domicilio en la calle Riu G\u00fcell 31-33. 17005 Girona, tel\u00e9fono 972 94 08 32&#8230;<\/p>\n","protected":false},"author":1,"featured_media":0,"parent":0,"menu_order":0,"comment_status":"closed","ping_status":"open","template":"","meta":{"footnotes":""},"class_list":["post-567","page","type-page","status-publish","hentry"],"yoast_head":"<!-- This site is optimized with the Yoast SEO plugin v27.4 - https:\/\/yoast.com\/product\/yoast-seo-wordpress\/ -->\n<title>Pol\u00edtica de privacidad - Amaranta Vegetal<\/title>\n<meta name=\"robots\" content=\"index, follow, max-snippet:-1, max-image-preview:large, max-video-preview:-1\" \/>\n<link rel=\"canonical\" href=\"https:\/\/amarantavegetal.cat\/es\/politica-de-privacidad\/\" \/>\n<meta property=\"og:locale\" content=\"es_ES\" \/>\n<meta property=\"og:type\" content=\"article\" \/>\n<meta property=\"og:title\" content=\"Pol\u00edtica de privacidad - Amaranta Vegetal\" \/>\n<meta property=\"og:description\" content=\"[vc_row css_animation=\u00bb\u00bb row_type=\u00bbrow\u00bb use_row_as_full_screen_section=\u00bbno\u00bb type=\u00bbgrid\u00bb angled_section=\u00bbno\u00bb text_align=\u00bbleft\u00bb background_image_as_pattern=\u00bbwithout_pattern\u00bb padding_top=\u00bb60&#8243; padding_bottom=\u00bb60&#8243; z_index=\u00bb\u00bb][vc_column][vc_column_text] El sitio web y el dominio www.amarantavegetal.cat corresponden a AMARANTA VEGETAL, de titularidad de Loris Cover, con NIF X1855182W y domicilio en la calle Riu G\u00fcell 31-33. 17005 Girona, tel\u00e9fono 972 94 08 32...\" \/>\n<meta property=\"og:url\" content=\"https:\/\/amarantavegetal.cat\/es\/politica-de-privacidad\/\" \/>\n<meta property=\"og:site_name\" content=\"Amaranta Vegetal\" \/>\n<meta property=\"article:publisher\" content=\"https:\/\/www.facebook.com\/AmarantaRestaurantVegetaria\/\" \/>\n<meta property=\"article:modified_time\" content=\"2018-12-24T15:45:15+00:00\" \/>\n<meta name=\"twitter:card\" content=\"summary_large_image\" \/>\n<meta name=\"twitter:label1\" content=\"Tiempo de lectura\" \/>\n\t<meta name=\"twitter:data1\" content=\"5 minutos\" \/>\n<script type=\"application\/ld+json\" class=\"yoast-schema-graph\">{\"@context\":\"https:\\\/\\\/schema.org\",\"@graph\":[{\"@type\":\"WebPage\",\"@id\":\"https:\\\/\\\/amarantavegetal.cat\\\/es\\\/politica-de-privacidad\\\/\",\"url\":\"https:\\\/\\\/amarantavegetal.cat\\\/es\\\/politica-de-privacidad\\\/\",\"name\":\"Pol\u00edtica de privacidad - Amaranta Vegetal\",\"isPartOf\":{\"@id\":\"https:\\\/\\\/amarantavegetal.cat\\\/#website\"},\"datePublished\":\"2018-11-27T18:13:00+00:00\",\"dateModified\":\"2018-12-24T15:45:15+00:00\",\"breadcrumb\":{\"@id\":\"https:\\\/\\\/amarantavegetal.cat\\\/es\\\/politica-de-privacidad\\\/#breadcrumb\"},\"inLanguage\":\"es\",\"potentialAction\":[{\"@type\":\"ReadAction\",\"target\":[\"https:\\\/\\\/amarantavegetal.cat\\\/es\\\/politica-de-privacidad\\\/\"]}]},{\"@type\":\"BreadcrumbList\",\"@id\":\"https:\\\/\\\/amarantavegetal.cat\\\/es\\\/politica-de-privacidad\\\/#breadcrumb\",\"itemListElement\":[{\"@type\":\"ListItem\",\"position\":1,\"name\":\"Inici\",\"item\":\"https:\\\/\\\/amarantavegetal.cat\\\/es\\\/\"},{\"@type\":\"ListItem\",\"position\":2,\"name\":\"Pol\u00edtica de privacidad\"}]},{\"@type\":\"WebSite\",\"@id\":\"https:\\\/\\\/amarantavegetal.cat\\\/#website\",\"url\":\"https:\\\/\\\/amarantavegetal.cat\\\/\",\"name\":\"Amaranta Vegetal\",\"description\":\"Restaurant de cuina vegetariana\",\"potentialAction\":[{\"@type\":\"SearchAction\",\"target\":{\"@type\":\"EntryPoint\",\"urlTemplate\":\"https:\\\/\\\/amarantavegetal.cat\\\/?s={search_term_string}\"},\"query-input\":{\"@type\":\"PropertyValueSpecification\",\"valueRequired\":true,\"valueName\":\"search_term_string\"}}],\"inLanguage\":\"es\"}]}<\/script>\n<!-- \/ Yoast SEO plugin. -->","yoast_head_json":{"title":"Pol\u00edtica de privacidad - Amaranta Vegetal","robots":{"index":"index","follow":"follow","max-snippet":"max-snippet:-1","max-image-preview":"max-image-preview:large","max-video-preview":"max-video-preview:-1"},"canonical":"https:\/\/amarantavegetal.cat\/es\/politica-de-privacidad\/","og_locale":"es_ES","og_type":"article","og_title":"Pol\u00edtica de privacidad - Amaranta Vegetal","og_description":"[vc_row css_animation=\u00bb\u00bb row_type=\u00bbrow\u00bb use_row_as_full_screen_section=\u00bbno\u00bb type=\u00bbgrid\u00bb angled_section=\u00bbno\u00bb text_align=\u00bbleft\u00bb background_image_as_pattern=\u00bbwithout_pattern\u00bb padding_top=\u00bb60&#8243; padding_bottom=\u00bb60&#8243; z_index=\u00bb\u00bb][vc_column][vc_column_text] El sitio web y el dominio www.amarantavegetal.cat corresponden a AMARANTA VEGETAL, de titularidad de Loris Cover, con NIF X1855182W y domicilio en la calle Riu G\u00fcell 31-33. 17005 Girona, tel\u00e9fono 972 94 08 32...","og_url":"https:\/\/amarantavegetal.cat\/es\/politica-de-privacidad\/","og_site_name":"Amaranta Vegetal","article_publisher":"https:\/\/www.facebook.com\/AmarantaRestaurantVegetaria\/","article_modified_time":"2018-12-24T15:45:15+00:00","twitter_card":"summary_large_image","twitter_misc":{"Tiempo de lectura":"5 minutos"},"schema":{"@context":"https:\/\/schema.org","@graph":[{"@type":"WebPage","@id":"https:\/\/amarantavegetal.cat\/es\/politica-de-privacidad\/","url":"https:\/\/amarantavegetal.cat\/es\/politica-de-privacidad\/","name":"Pol\u00edtica de privacidad - Amaranta Vegetal","isPartOf":{"@id":"https:\/\/amarantavegetal.cat\/#website"},"datePublished":"2018-11-27T18:13:00+00:00","dateModified":"2018-12-24T15:45:15+00:00","breadcrumb":{"@id":"https:\/\/amarantavegetal.cat\/es\/politica-de-privacidad\/#breadcrumb"},"inLanguage":"es","potentialAction":[{"@type":"ReadAction","target":["https:\/\/amarantavegetal.cat\/es\/politica-de-privacidad\/"]}]},{"@type":"BreadcrumbList","@id":"https:\/\/amarantavegetal.cat\/es\/politica-de-privacidad\/#breadcrumb","itemListElement":[{"@type":"ListItem","position":1,"name":"Inici","item":"https:\/\/amarantavegetal.cat\/es\/"},{"@type":"ListItem","position":2,"name":"Pol\u00edtica de privacidad"}]},{"@type":"WebSite","@id":"https:\/\/amarantavegetal.cat\/#website","url":"https:\/\/amarantavegetal.cat\/","name":"Amaranta Vegetal","description":"Restaurant de cuina vegetariana","potentialAction":[{"@type":"SearchAction","target":{"@type":"EntryPoint","urlTemplate":"https:\/\/amarantavegetal.cat\/?s={search_term_string}"},"query-input":{"@type":"PropertyValueSpecification","valueRequired":true,"valueName":"search_term_string"}}],"inLanguage":"es"}]}},"_links":{"self":[{"href":"https:\/\/amarantavegetal.cat\/es\/wp-json\/wp\/v2\/pages\/567","targetHints":{"allow":["GET"]}}],"collection":[{"href":"https:\/\/amarantavegetal.cat\/es\/wp-json\/wp\/v2\/pages"}],"about":[{"href":"https:\/\/amarantavegetal.cat\/es\/wp-json\/wp\/v2\/types\/page"}],"author":[{"embeddable":true,"href":"https:\/\/amarantavegetal.cat\/es\/wp-json\/wp\/v2\/users\/1"}],"replies":[{"embeddable":true,"href":"https:\/\/amarantavegetal.cat\/es\/wp-json\/wp\/v2\/comments?post=567"}],"version-history":[{"count":2,"href":"https:\/\/amarantavegetal.cat\/es\/wp-json\/wp\/v2\/pages\/567\/revisions"}],"predecessor-version":[{"id":590,"href":"https:\/\/amarantavegetal.cat\/es\/wp-json\/wp\/v2\/pages\/567\/revisions\/590"}],"wp:attachment":[{"href":"https:\/\/amarantavegetal.cat\/es\/wp-json\/wp\/v2\/media?parent=567"}],"curies":[{"name":"wp","href":"https:\/\/api.w.org\/{rel}","templated":true}]}}