{"id":551,"date":"2018-11-29T16:41:12","date_gmt":"2018-11-29T16:41:12","guid":{"rendered":"http:\/\/amarantavegetal.cat\/avis-legal\/"},"modified":"2023-08-15T07:54:50","modified_gmt":"2023-08-15T07:54:50","slug":"aviso-legal","status":"publish","type":"page","link":"https:\/\/amarantavegetal.cat\/es\/aviso-legal\/","title":{"rendered":"Aviso legal"},"content":{"rendered":"<div class=\"wpb-content-wrapper\"><p>[vc_row css_animation=\u00bb\u00bb row_type=\u00bbrow\u00bb use_row_as_full_screen_section=\u00bbno\u00bb type=\u00bbgrid\u00bb angled_section=\u00bbno\u00bb text_align=\u00bbleft\u00bb background_image_as_pattern=\u00bbwithout_pattern\u00bb padding_top=\u00bb60&#8243; padding_bottom=\u00bb60&#8243; z_index=\u00bb\u00bb][vc_column][vc_column_text]<\/p>\n<div class=\"vc_row wpb_row section vc_row-fluid \">\n<div class=\" full_section_inner clearfix\">\n<div class=\"wpb_column vc_column_container vc_col-sm-12\">\n<div class=\"vc_column-inner \">\n<div class=\"wpb_wrapper\">\n<div class=\"wpb_text_column wpb_content_element \">\n<div class=\"wpb_wrapper\">\n<p>Este sitio web incluye contenidos, textos, material publicitario, dibujos, material t\u00e9cnico de producto o de cualquier otro orden, distintivos corporativos, signos distintivos, marcas, dise\u00f1os gr\u00e1ficos, combinaciones de elementos, logotipos e im\u00e1genes, que est\u00e1n protegidas por derechos de propiedad intelectual o industrial propios de esta web.<\/p>\n<p>Por este motivo, est\u00e1 prohibida la reproducci\u00f3n total o parcial, comunicaci\u00f3n p\u00fablica, modificaci\u00f3n, transformaci\u00f3n, copia, distribuci\u00f3n, o cualquier otro forma de explotaci\u00f3n y manipulaci\u00f3n de esta web, de sus dispositivos t\u00e9cnicos, contenidos, aplicaciones, c\u00f3digo, dise\u00f1o, selecci\u00f3n y forma de presentaci\u00f3n de los materiales y, en general, de la informaci\u00f3n contenida en esta web.<\/p>\n<p>As\u00ed mismo, est\u00e1 prohibido descomponer, realizar ingenier\u00eda inversa o, en general, transmitir de cualquier manera o realizar obras derivadas de los programas de ordenador necesarios por el funcionamiento y acceso de esta web y los servicios aqu\u00ed contenidos, as\u00ed como realizar, respecto de los mismos cualquier acto de explotaci\u00f3n. En particular, est\u00e1 prohibido realizar enlaces (links, hiperlinks, y framming) o v\u00ednculos similares que puedan establecerse con la web de AMARANTA VEGETAL Como sin el previo consentimiento expreso de su titular AMARANTA VEGETAL.<\/p>\n<\/div>\n<\/div>\n<\/div>\n<\/div>\n<\/div>\n<\/div>\n<\/div>\n<p>[\/vc_column_text][\/vc_column][\/vc_row]<\/p>\n<\/div>","protected":false},"excerpt":{"rendered":"<p>[vc_row css_animation=\u00bb\u00bb row_type=\u00bbrow\u00bb use_row_as_full_screen_section=\u00bbno\u00bb type=\u00bbgrid\u00bb angled_section=\u00bbno\u00bb text_align=\u00bbleft\u00bb background_image_as_pattern=\u00bbwithout_pattern\u00bb padding_top=\u00bb60&#8243; padding_bottom=\u00bb60&#8243; z_index=\u00bb\u00bb][vc_column][vc_column_text] Este sitio web incluye contenidos, textos, material publicitario, dibujos, material t\u00e9cnico de producto o de cualquier otro orden, distintivos corporativos, signos distintivos, marcas, dise\u00f1os gr\u00e1ficos, combinaciones de elementos, logotipos e im\u00e1genes, que est\u00e1n protegidas&#8230;<\/p>\n","protected":false},"author":1,"featured_media":0,"parent":0,"menu_order":0,"comment_status":"closed","ping_status":"open","template":"","meta":{"footnotes":""},"class_list":["post-551","page","type-page","status-publish","hentry"],"yoast_head":"<!-- This site is optimized with the Yoast SEO plugin v27.4 - https:\/\/yoast.com\/product\/yoast-seo-wordpress\/ -->\n<title>Aviso legal - Amaranta Vegetal<\/title>\n<meta name=\"robots\" content=\"index, follow, max-snippet:-1, max-image-preview:large, max-video-preview:-1\" \/>\n<link rel=\"canonical\" href=\"https:\/\/amarantavegetal.cat\/es\/aviso-legal\/\" \/>\n<meta property=\"og:locale\" content=\"es_ES\" \/>\n<meta property=\"og:type\" content=\"article\" \/>\n<meta property=\"og:title\" content=\"Aviso legal - Amaranta Vegetal\" \/>\n<meta property=\"og:description\" content=\"[vc_row css_animation=\u00bb\u00bb row_type=\u00bbrow\u00bb use_row_as_full_screen_section=\u00bbno\u00bb type=\u00bbgrid\u00bb angled_section=\u00bbno\u00bb text_align=\u00bbleft\u00bb background_image_as_pattern=\u00bbwithout_pattern\u00bb padding_top=\u00bb60&#8243; padding_bottom=\u00bb60&#8243; z_index=\u00bb\u00bb][vc_column][vc_column_text] Este sitio web incluye contenidos, textos, material publicitario, dibujos, material t\u00e9cnico de producto o de cualquier otro orden, distintivos corporativos, signos distintivos, marcas, dise\u00f1os gr\u00e1ficos, combinaciones de elementos, logotipos e im\u00e1genes, que est\u00e1n protegidas...\" \/>\n<meta property=\"og:url\" content=\"https:\/\/amarantavegetal.cat\/es\/aviso-legal\/\" \/>\n<meta property=\"og:site_name\" content=\"Amaranta Vegetal\" \/>\n<meta property=\"article:publisher\" content=\"https:\/\/www.facebook.com\/AmarantaRestaurantVegetaria\/\" \/>\n<meta property=\"article:modified_time\" content=\"2023-08-15T07:54:50+00:00\" \/>\n<meta name=\"twitter:card\" content=\"summary_large_image\" \/>\n<meta name=\"twitter:label1\" content=\"Tiempo de lectura\" \/>\n\t<meta name=\"twitter:data1\" content=\"2 minutos\" \/>\n<script type=\"application\/ld+json\" class=\"yoast-schema-graph\">{\"@context\":\"https:\\\/\\\/schema.org\",\"@graph\":[{\"@type\":\"WebPage\",\"@id\":\"https:\\\/\\\/amarantavegetal.cat\\\/es\\\/aviso-legal\\\/\",\"url\":\"https:\\\/\\\/amarantavegetal.cat\\\/es\\\/aviso-legal\\\/\",\"name\":\"Aviso legal - Amaranta Vegetal\",\"isPartOf\":{\"@id\":\"https:\\\/\\\/amarantavegetal.cat\\\/#website\"},\"datePublished\":\"2018-11-29T16:41:12+00:00\",\"dateModified\":\"2023-08-15T07:54:50+00:00\",\"breadcrumb\":{\"@id\":\"https:\\\/\\\/amarantavegetal.cat\\\/es\\\/aviso-legal\\\/#breadcrumb\"},\"inLanguage\":\"es\",\"potentialAction\":[{\"@type\":\"ReadAction\",\"target\":[\"https:\\\/\\\/amarantavegetal.cat\\\/es\\\/aviso-legal\\\/\"]}]},{\"@type\":\"BreadcrumbList\",\"@id\":\"https:\\\/\\\/amarantavegetal.cat\\\/es\\\/aviso-legal\\\/#breadcrumb\",\"itemListElement\":[{\"@type\":\"ListItem\",\"position\":1,\"name\":\"Inici\",\"item\":\"https:\\\/\\\/amarantavegetal.cat\\\/es\\\/\"},{\"@type\":\"ListItem\",\"position\":2,\"name\":\"Aviso legal\"}]},{\"@type\":\"WebSite\",\"@id\":\"https:\\\/\\\/amarantavegetal.cat\\\/#website\",\"url\":\"https:\\\/\\\/amarantavegetal.cat\\\/\",\"name\":\"Amaranta Vegetal\",\"description\":\"Restaurant de cuina vegetariana\",\"potentialAction\":[{\"@type\":\"SearchAction\",\"target\":{\"@type\":\"EntryPoint\",\"urlTemplate\":\"https:\\\/\\\/amarantavegetal.cat\\\/?s={search_term_string}\"},\"query-input\":{\"@type\":\"PropertyValueSpecification\",\"valueRequired\":true,\"valueName\":\"search_term_string\"}}],\"inLanguage\":\"es\"}]}<\/script>\n<!-- \/ Yoast SEO plugin. -->","yoast_head_json":{"title":"Aviso legal - Amaranta Vegetal","robots":{"index":"index","follow":"follow","max-snippet":"max-snippet:-1","max-image-preview":"max-image-preview:large","max-video-preview":"max-video-preview:-1"},"canonical":"https:\/\/amarantavegetal.cat\/es\/aviso-legal\/","og_locale":"es_ES","og_type":"article","og_title":"Aviso legal - Amaranta Vegetal","og_description":"[vc_row css_animation=\u00bb\u00bb row_type=\u00bbrow\u00bb use_row_as_full_screen_section=\u00bbno\u00bb type=\u00bbgrid\u00bb angled_section=\u00bbno\u00bb text_align=\u00bbleft\u00bb background_image_as_pattern=\u00bbwithout_pattern\u00bb padding_top=\u00bb60&#8243; padding_bottom=\u00bb60&#8243; z_index=\u00bb\u00bb][vc_column][vc_column_text] Este sitio web incluye contenidos, textos, material publicitario, dibujos, material t\u00e9cnico de producto o de cualquier otro orden, distintivos corporativos, signos distintivos, marcas, dise\u00f1os gr\u00e1ficos, combinaciones de elementos, logotipos e im\u00e1genes, que est\u00e1n protegidas...","og_url":"https:\/\/amarantavegetal.cat\/es\/aviso-legal\/","og_site_name":"Amaranta Vegetal","article_publisher":"https:\/\/www.facebook.com\/AmarantaRestaurantVegetaria\/","article_modified_time":"2023-08-15T07:54:50+00:00","twitter_card":"summary_large_image","twitter_misc":{"Tiempo de lectura":"2 minutos"},"schema":{"@context":"https:\/\/schema.org","@graph":[{"@type":"WebPage","@id":"https:\/\/amarantavegetal.cat\/es\/aviso-legal\/","url":"https:\/\/amarantavegetal.cat\/es\/aviso-legal\/","name":"Aviso legal - Amaranta Vegetal","isPartOf":{"@id":"https:\/\/amarantavegetal.cat\/#website"},"datePublished":"2018-11-29T16:41:12+00:00","dateModified":"2023-08-15T07:54:50+00:00","breadcrumb":{"@id":"https:\/\/amarantavegetal.cat\/es\/aviso-legal\/#breadcrumb"},"inLanguage":"es","potentialAction":[{"@type":"ReadAction","target":["https:\/\/amarantavegetal.cat\/es\/aviso-legal\/"]}]},{"@type":"BreadcrumbList","@id":"https:\/\/amarantavegetal.cat\/es\/aviso-legal\/#breadcrumb","itemListElement":[{"@type":"ListItem","position":1,"name":"Inici","item":"https:\/\/amarantavegetal.cat\/es\/"},{"@type":"ListItem","position":2,"name":"Aviso legal"}]},{"@type":"WebSite","@id":"https:\/\/amarantavegetal.cat\/#website","url":"https:\/\/amarantavegetal.cat\/","name":"Amaranta Vegetal","description":"Restaurant de cuina vegetariana","potentialAction":[{"@type":"SearchAction","target":{"@type":"EntryPoint","urlTemplate":"https:\/\/amarantavegetal.cat\/?s={search_term_string}"},"query-input":{"@type":"PropertyValueSpecification","valueRequired":true,"valueName":"search_term_string"}}],"inLanguage":"es"}]}},"_links":{"self":[{"href":"https:\/\/amarantavegetal.cat\/es\/wp-json\/wp\/v2\/pages\/551","targetHints":{"allow":["GET"]}}],"collection":[{"href":"https:\/\/amarantavegetal.cat\/es\/wp-json\/wp\/v2\/pages"}],"about":[{"href":"https:\/\/amarantavegetal.cat\/es\/wp-json\/wp\/v2\/types\/page"}],"author":[{"embeddable":true,"href":"https:\/\/amarantavegetal.cat\/es\/wp-json\/wp\/v2\/users\/1"}],"replies":[{"embeddable":true,"href":"https:\/\/amarantavegetal.cat\/es\/wp-json\/wp\/v2\/comments?post=551"}],"version-history":[{"count":2,"href":"https:\/\/amarantavegetal.cat\/es\/wp-json\/wp\/v2\/pages\/551\/revisions"}],"predecessor-version":[{"id":3589,"href":"https:\/\/amarantavegetal.cat\/es\/wp-json\/wp\/v2\/pages\/551\/revisions\/3589"}],"wp:attachment":[{"href":"https:\/\/amarantavegetal.cat\/es\/wp-json\/wp\/v2\/media?parent=551"}],"curies":[{"name":"wp","href":"https:\/\/api.w.org\/{rel}","templated":true}]}}