{"id":547,"date":"2018-01-12T08:02:15","date_gmt":"2018-01-12T08:02:15","guid":{"rendered":"http:\/\/amarantavegetal.cat\/qui-som\/"},"modified":"2018-12-24T16:03:50","modified_gmt":"2018-12-24T16:03:50","slug":"quien-somos","status":"publish","type":"page","link":"https:\/\/amarantavegetal.cat\/es\/quien-somos\/","title":{"rendered":"Qui\u00e9n somos"},"content":{"rendered":"<div class=\"wpb-content-wrapper\"><p>[vc_row css_animation=\u00bb\u00bb row_type=\u00bbrow\u00bb use_row_as_full_screen_section=\u00bbno\u00bb type=\u00bbgrid\u00bb angled_section=\u00bbno\u00bb text_align=\u00bbleft\u00bb background_image_as_pattern=\u00bbwithout_pattern\u00bb padding_top=\u00bb60&#8243; padding_bottom=\u00bb60&#8243; z_index=\u00bb\u00bb css=\u00bb.vc_custom_1544194525542{background-color: #ffffff !important;}\u00bb][vc_column offset=\u00bbvc_col-md-6&#8243;][vc_separator type=\u00bbtransparent\u00bb up=\u00bb-18&#8243;][vc_column_text]<\/p>\n<h1>Amaranta<\/h1>\n<p>[\/vc_column_text][vc_separator type=\u00bbsmall\u00bb position=\u00bbleft\u00bb color=\u00bb#799900&#8243; thickness=\u00bb4&#8243; width=\u00bb48&#8243; up=\u00bb17&#8243; down=\u00bb27&#8243;][vc_column_text]Situados cerca de la Devesa de Girona, en Amaranta ofrecemos desde el 2004 una Cocina Vegetariana y vegana con productos de proximidad, de la tierra, frescos y de temporada.<\/p>\n<p>Nuestra cocina est\u00e1 hecha con delicadeza; es elaborada pero sobre todo sana y gustosa. Conviven ingredientes mayoritariamente ecol\u00f3gicos para dar vida en platos de clara inspiraci\u00f3n mediterr\u00e1nea y explorando las estaciones del a\u00f1o. Pensando con los vegetarianos y veganos pero tambi\u00e9n con la gente que prueba por primera vez esta cocina, para que se enamoren y vuelvan a nuestro restaurante.<\/p>\n<p>Un servicio atento os acompa\u00f1ar\u00e1 a descubrir nuestras especialidades, con sabores genuinos que nos acercan a un estilo de vida en armon\u00eda con la naturaleza y respetuosos con el medio-ambiente.<\/p>\n<p>Ideal por cena o comida en pareja y celebrar cualquier acontecimiento con los amigos o familiares.<\/p>\n<p>Nuestro espacio es c\u00e1lido, acogedor y \u00edntimo, donde encontrar\u00e9is exposiciones temporales de cuadros, fotos y esculturas de nuestros clientes y amigos.<\/p>\n<p>Los mediod\u00eda de lunes a viernes proponemos un men\u00fa diario diferente cada d\u00eda. Los fines de semana y pre-festivos nuestra carta, el men\u00fa de fines de semana y el men\u00fa gastron\u00f3mico y de degustaci\u00f3n.[\/vc_column_text][vc_separator type=\u00bbtransparent\u00bb up=\u00bb10&#8243; down=\u00bb10&#8243;][\/vc_column][vc_column offset=\u00bbvc_col-md-6&#8243;]<div class='qode_image_gallery_no_space '>\n            <div class='qode_image_gallery_holder' style=''>\n                <ul ><li >\n                    <div style=\" width:600px;\"><img decoding=\"async\" itemprop=\"image\" src=\"https:\/\/amarantavegetal.cat\/wp-content\/uploads\/2018\/12\/img-slider-qui-som-1.jpg\" alt=\"\" \/><\/div><\/li><li >\n                    <div style=\" width:600px;\"><img decoding=\"async\" itemprop=\"image\" src=\"https:\/\/amarantavegetal.cat\/wp-content\/uploads\/2018\/12\/img-slider-qui-som-2.jpg\" alt=\"\" \/><\/div><\/li><li >\n                    <div style=\" width:600px;\"><img decoding=\"async\" itemprop=\"image\" src=\"https:\/\/amarantavegetal.cat\/wp-content\/uploads\/2018\/12\/img-slider-qui-som-1-1.jpg\" alt=\"\" \/><\/div><\/li><li >\n                    <div style=\" width:600px;\"><img decoding=\"async\" itemprop=\"image\" src=\"https:\/\/amarantavegetal.cat\/wp-content\/uploads\/2018\/12\/img-slider-qui-som-4.jpg\" alt=\"\" \/><\/div><\/li><li >\n                    <div style=\" width:600px;\"><img decoding=\"async\" itemprop=\"image\" src=\"https:\/\/amarantavegetal.cat\/wp-content\/uploads\/2018\/12\/img-slider-qui-som-2-1.jpg\" alt=\"\" \/><\/div><\/li><li >\n                    <div style=\" width:600px;\"><img decoding=\"async\" itemprop=\"image\" src=\"https:\/\/amarantavegetal.cat\/wp-content\/uploads\/2018\/12\/img-slider-qui-som-3.jpg\" alt=\"\" \/><\/div><\/li><\/ul>\n          <\/div>\n          <div class='controls'>\n              <a class='prev-slide' href='#'><span><i class='fa fa-angle-left'><\/i><\/span><\/a>\n              <a class='next-slide' href='#'><span><i class='fa fa-angle-right'><\/i><\/span><\/a>\n          <\/div>\n      <\/div>[vc_empty_space height=\u00bb30px\u00bb][\/vc_column][\/vc_row]<\/p>\n<\/div>","protected":false},"excerpt":{"rendered":"<p>[vc_row css_animation=\u00bb\u00bb row_type=\u00bbrow\u00bb use_row_as_full_screen_section=\u00bbno\u00bb type=\u00bbgrid\u00bb angled_section=\u00bbno\u00bb text_align=\u00bbleft\u00bb background_image_as_pattern=\u00bbwithout_pattern\u00bb padding_top=\u00bb60&#8243; padding_bottom=\u00bb60&#8243; z_index=\u00bb\u00bb css=\u00bb.vc_custom_1544194525542{background-color: #ffffff !important;}\u00bb][vc_column offset=\u00bbvc_col-md-6&#8243;][vc_separator type=\u00bbtransparent\u00bb up=\u00bb-18&#8243;][vc_column_text] Amaranta [\/vc_column_text][vc_separator type=\u00bbsmall\u00bb position=\u00bbleft\u00bb color=\u00bb#799900&#8243; thickness=\u00bb4&#8243; width=\u00bb48&#8243; up=\u00bb17&#8243; down=\u00bb27&#8243;][vc_column_text]Situados cerca de la Devesa de Girona, en Amaranta ofrecemos desde el 2004 una Cocina Vegetariana y vegana con productos&#8230;<\/p>\n","protected":false},"author":1,"featured_media":0,"parent":0,"menu_order":0,"comment_status":"closed","ping_status":"closed","template":"full_width.php","meta":{"footnotes":""},"class_list":["post-547","page","type-page","status-publish","hentry"],"yoast_head":"<!-- This site is optimized with the Yoast SEO plugin v27.4 - https:\/\/yoast.com\/product\/yoast-seo-wordpress\/ -->\n<title>Qui\u00e9n somos - Amaranta Vegetal<\/title>\n<meta name=\"robots\" content=\"index, follow, max-snippet:-1, max-image-preview:large, max-video-preview:-1\" \/>\n<link rel=\"canonical\" href=\"https:\/\/amarantavegetal.cat\/es\/quien-somos\/\" \/>\n<meta property=\"og:locale\" content=\"es_ES\" \/>\n<meta property=\"og:type\" content=\"article\" \/>\n<meta property=\"og:title\" content=\"Qui\u00e9n somos - Amaranta Vegetal\" \/>\n<meta property=\"og:description\" content=\"[vc_row css_animation=\u00bb\u00bb row_type=\u00bbrow\u00bb use_row_as_full_screen_section=\u00bbno\u00bb type=\u00bbgrid\u00bb angled_section=\u00bbno\u00bb text_align=\u00bbleft\u00bb background_image_as_pattern=\u00bbwithout_pattern\u00bb padding_top=\u00bb60&#8243; padding_bottom=\u00bb60&#8243; z_index=\u00bb\u00bb css=\u00bb.vc_custom_1544194525542{background-color: #ffffff !important;}\u00bb][vc_column offset=\u00bbvc_col-md-6&#8243;][vc_separator type=\u00bbtransparent\u00bb up=\u00bb-18&#8243;][vc_column_text] Amaranta [\/vc_column_text][vc_separator type=\u00bbsmall\u00bb position=\u00bbleft\u00bb color=\u00bb#799900&#8243; thickness=\u00bb4&#8243; width=\u00bb48&#8243; up=\u00bb17&#8243; down=\u00bb27&#8243;][vc_column_text]Situados cerca de la Devesa de Girona, en Amaranta ofrecemos desde el 2004 una Cocina Vegetariana y vegana con productos...\" \/>\n<meta property=\"og:url\" content=\"https:\/\/amarantavegetal.cat\/es\/quien-somos\/\" \/>\n<meta property=\"og:site_name\" content=\"Amaranta Vegetal\" \/>\n<meta property=\"article:publisher\" content=\"https:\/\/www.facebook.com\/AmarantaRestaurantVegetaria\/\" \/>\n<meta property=\"article:modified_time\" content=\"2018-12-24T16:03:50+00:00\" \/>\n<meta name=\"twitter:card\" content=\"summary_large_image\" \/>\n<meta name=\"twitter:label1\" content=\"Tiempo de lectura\" \/>\n\t<meta name=\"twitter:data1\" content=\"2 minutos\" \/>\n<script type=\"application\/ld+json\" class=\"yoast-schema-graph\">{\"@context\":\"https:\\\/\\\/schema.org\",\"@graph\":[{\"@type\":\"WebPage\",\"@id\":\"https:\\\/\\\/amarantavegetal.cat\\\/es\\\/quien-somos\\\/\",\"url\":\"https:\\\/\\\/amarantavegetal.cat\\\/es\\\/quien-somos\\\/\",\"name\":\"Qui\u00e9n somos - Amaranta Vegetal\",\"isPartOf\":{\"@id\":\"https:\\\/\\\/amarantavegetal.cat\\\/#website\"},\"datePublished\":\"2018-01-12T08:02:15+00:00\",\"dateModified\":\"2018-12-24T16:03:50+00:00\",\"breadcrumb\":{\"@id\":\"https:\\\/\\\/amarantavegetal.cat\\\/es\\\/quien-somos\\\/#breadcrumb\"},\"inLanguage\":\"es\",\"potentialAction\":[{\"@type\":\"ReadAction\",\"target\":[\"https:\\\/\\\/amarantavegetal.cat\\\/es\\\/quien-somos\\\/\"]}]},{\"@type\":\"BreadcrumbList\",\"@id\":\"https:\\\/\\\/amarantavegetal.cat\\\/es\\\/quien-somos\\\/#breadcrumb\",\"itemListElement\":[{\"@type\":\"ListItem\",\"position\":1,\"name\":\"Inici\",\"item\":\"https:\\\/\\\/amarantavegetal.cat\\\/es\\\/\"},{\"@type\":\"ListItem\",\"position\":2,\"name\":\"Qui\u00e9n somos\"}]},{\"@type\":\"WebSite\",\"@id\":\"https:\\\/\\\/amarantavegetal.cat\\\/#website\",\"url\":\"https:\\\/\\\/amarantavegetal.cat\\\/\",\"name\":\"Amaranta Vegetal\",\"description\":\"Restaurant de cuina vegetariana\",\"potentialAction\":[{\"@type\":\"SearchAction\",\"target\":{\"@type\":\"EntryPoint\",\"urlTemplate\":\"https:\\\/\\\/amarantavegetal.cat\\\/?s={search_term_string}\"},\"query-input\":{\"@type\":\"PropertyValueSpecification\",\"valueRequired\":true,\"valueName\":\"search_term_string\"}}],\"inLanguage\":\"es\"}]}<\/script>\n<!-- \/ Yoast SEO plugin. -->","yoast_head_json":{"title":"Qui\u00e9n somos - Amaranta Vegetal","robots":{"index":"index","follow":"follow","max-snippet":"max-snippet:-1","max-image-preview":"max-image-preview:large","max-video-preview":"max-video-preview:-1"},"canonical":"https:\/\/amarantavegetal.cat\/es\/quien-somos\/","og_locale":"es_ES","og_type":"article","og_title":"Qui\u00e9n somos - Amaranta Vegetal","og_description":"[vc_row css_animation=\u00bb\u00bb row_type=\u00bbrow\u00bb use_row_as_full_screen_section=\u00bbno\u00bb type=\u00bbgrid\u00bb angled_section=\u00bbno\u00bb text_align=\u00bbleft\u00bb background_image_as_pattern=\u00bbwithout_pattern\u00bb padding_top=\u00bb60&#8243; padding_bottom=\u00bb60&#8243; z_index=\u00bb\u00bb css=\u00bb.vc_custom_1544194525542{background-color: #ffffff !important;}\u00bb][vc_column offset=\u00bbvc_col-md-6&#8243;][vc_separator type=\u00bbtransparent\u00bb up=\u00bb-18&#8243;][vc_column_text] Amaranta [\/vc_column_text][vc_separator type=\u00bbsmall\u00bb position=\u00bbleft\u00bb color=\u00bb#799900&#8243; thickness=\u00bb4&#8243; width=\u00bb48&#8243; up=\u00bb17&#8243; down=\u00bb27&#8243;][vc_column_text]Situados cerca de la Devesa de Girona, en Amaranta ofrecemos desde el 2004 una Cocina Vegetariana y vegana con productos...","og_url":"https:\/\/amarantavegetal.cat\/es\/quien-somos\/","og_site_name":"Amaranta Vegetal","article_publisher":"https:\/\/www.facebook.com\/AmarantaRestaurantVegetaria\/","article_modified_time":"2018-12-24T16:03:50+00:00","twitter_card":"summary_large_image","twitter_misc":{"Tiempo de lectura":"2 minutos"},"schema":{"@context":"https:\/\/schema.org","@graph":[{"@type":"WebPage","@id":"https:\/\/amarantavegetal.cat\/es\/quien-somos\/","url":"https:\/\/amarantavegetal.cat\/es\/quien-somos\/","name":"Qui\u00e9n somos - Amaranta Vegetal","isPartOf":{"@id":"https:\/\/amarantavegetal.cat\/#website"},"datePublished":"2018-01-12T08:02:15+00:00","dateModified":"2018-12-24T16:03:50+00:00","breadcrumb":{"@id":"https:\/\/amarantavegetal.cat\/es\/quien-somos\/#breadcrumb"},"inLanguage":"es","potentialAction":[{"@type":"ReadAction","target":["https:\/\/amarantavegetal.cat\/es\/quien-somos\/"]}]},{"@type":"BreadcrumbList","@id":"https:\/\/amarantavegetal.cat\/es\/quien-somos\/#breadcrumb","itemListElement":[{"@type":"ListItem","position":1,"name":"Inici","item":"https:\/\/amarantavegetal.cat\/es\/"},{"@type":"ListItem","position":2,"name":"Qui\u00e9n somos"}]},{"@type":"WebSite","@id":"https:\/\/amarantavegetal.cat\/#website","url":"https:\/\/amarantavegetal.cat\/","name":"Amaranta Vegetal","description":"Restaurant de cuina vegetariana","potentialAction":[{"@type":"SearchAction","target":{"@type":"EntryPoint","urlTemplate":"https:\/\/amarantavegetal.cat\/?s={search_term_string}"},"query-input":{"@type":"PropertyValueSpecification","valueRequired":true,"valueName":"search_term_string"}}],"inLanguage":"es"}]}},"_links":{"self":[{"href":"https:\/\/amarantavegetal.cat\/es\/wp-json\/wp\/v2\/pages\/547","targetHints":{"allow":["GET"]}}],"collection":[{"href":"https:\/\/amarantavegetal.cat\/es\/wp-json\/wp\/v2\/pages"}],"about":[{"href":"https:\/\/amarantavegetal.cat\/es\/wp-json\/wp\/v2\/types\/page"}],"author":[{"embeddable":true,"href":"https:\/\/amarantavegetal.cat\/es\/wp-json\/wp\/v2\/users\/1"}],"replies":[{"embeddable":true,"href":"https:\/\/amarantavegetal.cat\/es\/wp-json\/wp\/v2\/comments?post=547"}],"version-history":[{"count":5,"href":"https:\/\/amarantavegetal.cat\/es\/wp-json\/wp\/v2\/pages\/547\/revisions"}],"predecessor-version":[{"id":601,"href":"https:\/\/amarantavegetal.cat\/es\/wp-json\/wp\/v2\/pages\/547\/revisions\/601"}],"wp:attachment":[{"href":"https:\/\/amarantavegetal.cat\/es\/wp-json\/wp\/v2\/media?parent=547"}],"curies":[{"name":"wp","href":"https:\/\/api.w.org\/{rel}","templated":true}]}}