{"id":534,"date":"2018-01-10T14:15:28","date_gmt":"2018-01-10T14:15:28","guid":{"rendered":"http:\/\/amarantavegetal.cat\/home\/"},"modified":"2019-05-06T13:24:35","modified_gmt":"2019-05-06T13:24:35","slug":"home","status":"publish","type":"page","link":"https:\/\/amarantavegetal.cat\/es\/","title":{"rendered":"Inicio"},"content":{"rendered":"<div class=\"wpb-content-wrapper\"><p>[vc_row css_animation=\u00bb\u00bb row_type=\u00bbrow\u00bb use_row_as_full_screen_section=\u00bbno\u00bb type=\u00bbfull_width\u00bb angled_section=\u00bbno\u00bb text_align=\u00bbleft\u00bb background_image_as_pattern=\u00bbwithout_pattern\u00bb z_index=\u00bb\u00bb][vc_column][rev_slider_vc alias=\u00bbhome-slider-es\u00bb][\/vc_column][\/vc_row][vc_row css_animation=\u00bb\u00bb row_type=\u00bbrow\u00bb use_row_as_full_screen_section=\u00bbno\u00bb type=\u00bbgrid\u00bb angled_section=\u00bbno\u00bb text_align=\u00bbcenter\u00bb background_image_as_pattern=\u00bbwithout_pattern\u00bb z_index=\u00bb\u00bb css=\u00bb.vc_custom_1515744295490{background-color: #ecebeb !important;}\u00bb][vc_column css=\u00bb.vc_custom_1515594685991{margin-top: -14% !important;}\u00bb][vc_row_inner row_type=\u00bbrow\u00bb type=\u00bbfull_width\u00bb text_align=\u00bbcenter\u00bb css_animation=\u00bb\u00bb][vc_column_inner offset=\u00bbvc_col-md-4&#8243;][qode_elements_holder number_of_columns=\u00bbone_column\u00bb][qode_elements_holder_item background_color=\u00bb#ffffff\u00bb item_padding=\u00bb13% 11% 13% 11%\u00bb advanced_animations=\u00bbno\u00bb][vc_single_image image=\u00bb383&#8243; img_size=\u00bbfull\u00bb alignment=\u00bbcenter\u00bb qode_css_animation=\u00bb\u00bb][vc_empty_space height=\u00bb34px\u00bb][vc_column_text]<\/p>\n<h2>Productos de temporada<\/h2>\n<p>[\/vc_column_text][vc_empty_space height=\u00bb13px\u00bb][vc_column_text]Usamos productos frescos y de temporada. La naturaleza es sabia y nos dice en cada momento lo que nos conviene comer. Solo hay que escuchar. Nos gusta que nuestros clientes puedan saborear nuestros platos con los ingredientes en la m\u00e1xima intensidad de su sabor.[\/vc_column_text][\/qode_elements_holder_item][\/qode_elements_holder][vc_empty_space height=\u00bb30px\u00bb][\/vc_column_inner][vc_column_inner offset=\u00bbvc_col-md-4&#8243;][qode_elements_holder number_of_columns=\u00bbone_column\u00bb][qode_elements_holder_item background_color=\u00bb#ffffff\u00bb item_padding=\u00bb13% 11% 13% 11%\u00bb advanced_animations=\u00bbno\u00bb][vc_single_image image=\u00bb397&#8243; img_size=\u00bbfull\u00bb alignment=\u00bbcenter\u00bb qode_css_animation=\u00bb\u00bb][vc_empty_space height=\u00bb31px\u00bb][vc_column_text]<\/p>\n<h2>Cocinamos con amor<\/h2>\n<p>[\/vc_column_text][vc_empty_space height=\u00bb13px\u00bb][vc_column_text]Nos gusta lo que hacemos y queremos transmitirlo en cada plato que elaboramos. Queremos que nuestra pasi\u00f3n llegue a nuestros clientes en el momento de servirlo a trav\u00e9s del esmero en los detalles de la preparaci\u00f3n, la cocina y la presentaci\u00f3n.[\/vc_column_text][\/qode_elements_holder_item][\/qode_elements_holder][vc_empty_space height=\u00bb30px\u00bb][\/vc_column_inner][vc_column_inner offset=\u00bbvc_col-md-4&#8243;][qode_elements_holder number_of_columns=\u00bbone_column\u00bb][qode_elements_holder_item background_color=\u00bb#799900&#8243; item_padding=\u00bb13% 11% 13% 11%\u00bb advanced_animations=\u00bbno\u00bb item_padding_768_1024=\u00bb19% 11% 55px 11%\u00bb][vc_column_text]<\/p>\n<h2><span style=\"color: #ffffff;\">Llama y reserva ahora!<\/span><\/h2>\n<p>[\/vc_column_text][vc_empty_space height=\u00bb12px\u00bb][vc_column_text]<span style=\"color: #ffffff;\">Al tel\u00e9fono <strong><span style=\"font-size: 24px;\">(+34) 972 940 832<\/span><\/strong><\/span><\/p>\n<p><span style=\"color: #ffffff;\">Tambi\u00e9n puedes reservar envi\u00e1ndonos un mensaje des del formulario de contacto de nuestra web.<br \/>\n<\/span>[\/vc_column_text][vc_empty_space height=\u00bb22px\u00bb]<a  itemprop=\"url\" href=\"\/es\/contacto\" target=\"_self\" data-hover-background-color=\"#1a1a1a\" data-hover-border-color=\"#1a1a1a\" data-hover-color=\"#ffffff\" class=\"qbutton  default\" style=\"color: #1a1a1a; border-color: #ffffff; background-color:#ffffff;\">IR AL FORMULARIO<\/a>[\/qode_elements_holder_item][\/qode_elements_holder][\/vc_column_inner][\/vc_row_inner][\/vc_column][\/vc_row][vc_row css_animation=\u00bb\u00bb row_type=\u00bbrow\u00bb use_row_as_full_screen_section=\u00bbno\u00bb type=\u00bbgrid\u00bb angled_section=\u00bbno\u00bb text_align=\u00bbcenter\u00bb background_image_as_pattern=\u00bbwithout_pattern\u00bb padding_top=\u00bb87&#8243; padding_bottom=\u00bb65&#8243; z_index=\u00bb\u00bb css=\u00bb.vc_custom_1515744306795{background-color: #ecebeb !important;}\u00bb][vc_column width=\u00bb2\/3&#8243; offset=\u00bbvc_col-sm-offset-2&#8243;][vc_column_text]<\/p>\n<h1>Nuestra cocina<\/h1>\n<p>[\/vc_column_text][vc_separator type=\u00bbsmall\u00bb position=\u00bbcenter\u00bb color=\u00bb#799900&#8243; thickness=\u00bb4&#8243; width=\u00bb48&#8243; up=\u00bb17&#8243; down=\u00bb25&#8243;][vc_column_text]<\/p>\n<h5>Os ofrecemos una gran variedad de recetas vegetarianas imaginativas y muy elaboradas, incluyendo opciones veganas y sin gluten. Nuestros platos est\u00e1n llenos de sabores especiales, cocinados con amor y con los mejores productos de la tierra, frescos y de temporada.<\/h5>\n<p>[\/vc_column_text][\/vc_column][\/vc_row][vc_row css_animation=\u00bb\u00bb row_type=\u00bbrow\u00bb use_row_as_full_screen_section=\u00bbno\u00bb type=\u00bbgrid\u00bb angled_section=\u00bbno\u00bb text_align=\u00bbleft\u00bb background_image_as_pattern=\u00bbwithout_pattern\u00bb el_class=\u00bbslider-row\u00bb z_index=\u00bb5&#8243; css=\u00bb.vc_custom_1515744318665{background-color: #ecebeb !important;}\u00bb][vc_column css=\u00bb.vc_custom_1515672190338{margin-bottom: -27% !important;}\u00bb][qode_content_slider direction_nav=\u00bbno\u00bb control_nav=\u00bbyes\u00bb control_nav_justify=\u00bbno\u00bb][qode_content_slider_item][qode_elements_holder number_of_columns=\u00bbtwo_columns\u00bb columns_proportion=\u00bb66_33&#8243;][qode_elements_holder_item advanced_animations=\u00bbno\u00bb][vc_single_image image=\u00bb358&#8243; img_size=\u00bbfull\u00bb qode_css_animation=\u00bb\u00bb][\/qode_elements_holder_item][qode_elements_holder_item background_color=\u00bb#ffffff\u00bb background_image=\u00bb460&#8243; item_padding=\u00bb72px 51px 131px 55px\u00bb advanced_animations=\u00bbno\u00bb item_padding_1280_1440=\u00bb74px 40px 127px 65px\u00bb item_padding_1024_1280=\u00bb50px 40px 111px 40px\u00bb item_padding_768_1024=\u00bb20px 30px 18px 30px\u00bb item_padding_600_768=\u00bb100px 120px 100px 50px\u00bb item_padding_480_600=\u00bb100px 40px 100px 65px\u00bb item_padding_480=\u00bb30px 30px 80px 30px\u00bb][vc_column_text]<\/p>\n<h2>Nuestra fideu\u00e1 vegetal<\/h2>\n<p>[\/vc_column_text][vc_separator type=\u00bbsmall\u00bb position=\u00bbleft\u00bb color=\u00bb#799900&#8243; thickness=\u00bb4&#8243; width=\u00bb48&#8243; up=\u00bb25&#8243; down=\u00bb29&#8243;][vc_column_text]Uno de nuestros platos estrella. Elaborada con ingredientes ecol\u00f3gicos. Con algas y setas y con unos sabores intensos e inolvidables.[\/vc_column_text][vc_empty_space height=\u00bb25&#8243;][\/qode_elements_holder_item][\/qode_elements_holder][\/qode_content_slider_item][qode_content_slider_item][qode_elements_holder number_of_columns=\u00bbtwo_columns\u00bb columns_proportion=\u00bb66_33&#8243;][qode_elements_holder_item advanced_animations=\u00bbno\u00bb][vc_single_image image=\u00bb360&#8243; img_size=\u00bbfull\u00bb qode_css_animation=\u00bb\u00bb][\/qode_elements_holder_item][qode_elements_holder_item background_color=\u00bb#ffffff\u00bb background_image=\u00bb458&#8243; item_padding=\u00bb72px 51px 131px 55px\u00bb advanced_animations=\u00bbno\u00bb item_padding_1280_1440=\u00bb74px 40px 127px 65px\u00bb item_padding_1024_1280=\u00bb50px 40px 111px 40px\u00bb item_padding_768_1024=\u00bb20px 30px 18px 30px\u00bb item_padding_600_768=\u00bb100px 120px 100px 50px\u00bb item_padding_480_600=\u00bb100px 40px 100px 65px\u00bb item_padding_480=\u00bb30px 30px 80px 30px\u00bb][vc_column_text]<\/p>\n<h2>Timbal de jud\u00eda tierna con espuma de patata<\/h2>\n<p>[\/vc_column_text][vc_separator type=\u00bbsmall\u00bb position=\u00bbleft\u00bb color=\u00bb#799900&#8243; thickness=\u00bb4&#8243; width=\u00bb48&#8243; up=\u00bb25&#8243; down=\u00bb29&#8243;][vc_column_text]Todo un cl\u00e1sico sano y ligero elaborado con elegancia.[\/vc_column_text][vc_empty_space height=\u00bb25&#8243;][\/qode_elements_holder_item][\/qode_elements_holder][\/qode_content_slider_item][qode_content_slider_item][qode_elements_holder number_of_columns=\u00bbtwo_columns\u00bb columns_proportion=\u00bb66_33&#8243;][qode_elements_holder_item advanced_animations=\u00bbno\u00bb][vc_single_image image=\u00bb362&#8243; img_size=\u00bbfull\u00bb qode_css_animation=\u00bb\u00bb][\/qode_elements_holder_item][qode_elements_holder_item background_color=\u00bb#ffffff\u00bb background_image=\u00bb83&#8243; item_padding=\u00bb72px 51px 131px 55px\u00bb advanced_animations=\u00bbno\u00bb item_padding_1280_1440=\u00bb74px 40px 127px 65px\u00bb item_padding_1024_1280=\u00bb50px 40px 111px 40px\u00bb item_padding_768_1024=\u00bb20px 30px 18px 30px\u00bb item_padding_600_768=\u00bb100px 120px 100px 50px\u00bb item_padding_480_600=\u00bb100px 40px 100px 65px\u00bb item_padding_480=\u00bb30px 30px 80px 30px\u00bb][vc_column_text]<\/p>\n<h2>Tartaleta de hummus con pesto y chips de boniato.<\/h2>\n<p>[\/vc_column_text][vc_separator type=\u00bbsmall\u00bb position=\u00bbleft\u00bb color=\u00bb#799900&#8243; thickness=\u00bb4&#8243; width=\u00bb48&#8243; up=\u00bb25&#8243; down=\u00bb29&#8243;][vc_column_text]El hummus es una crema de garbanzos suave, deliciosa y muy f\u00e1cil de preparar. Se puede combinar de muchas maneras. Nosotros lo proponemos con pesto de albahaca y pi\u00f1ones acompa\u00f1ado de chips artesanas de patata y boniato.[\/vc_column_text][\/qode_elements_holder_item][\/qode_elements_holder][\/qode_content_slider_item][\/qode_content_slider][\/vc_column][\/vc_row][vc_row css_animation=\u00bb\u00bb row_type=\u00bbrow\u00bb use_row_as_full_screen_section=\u00bbno\u00bb type=\u00bbgrid\u00bb angled_section=\u00bbno\u00bb text_align=\u00bbcenter\u00bb background_image_as_pattern=\u00bbwithout_pattern\u00bb padding_bottom=\u00bb56&#8243; z_index=\u00bb4&#8243; css=\u00bb.vc_custom_1544636632743{padding-top: 20% !important;background-image: url(http:\/\/amarantavegetal.cat\/wp-content\/uploads\/2018\/12\/parallax-home-1.jpg?id=352) !important;background-position: center !important;background-repeat: no-repeat !important;background-size: cover !important;}\u00bb][vc_column][qode_elements_holder number_of_columns=\u00bbone_column\u00bb][qode_elements_holder_item item_padding=\u00bb1px 0 0 0&#8243; advanced_animations=\u00bbno\u00bb item_padding_1280_1440=\u00bb60px 0 0 0&#8243; item_padding_1024_1280=\u00bb61px 0 0 0&#8243; item_padding_768_1024=\u00bb50px 0 0 0&#8243; item_padding_600_768=\u00bb50px 0 0 0&#8243; item_padding_480_600=\u00bb50px 0 0 0&#8243; item_padding_480=\u00bb50px 0 0 0&#8243;][vc_row_inner row_type=\u00bbrow\u00bb type=\u00bbfull_width\u00bb text_align=\u00bbcenter\u00bb css_animation=\u00bb\u00bb][vc_column_inner offset=\u00bbvc_col-lg-3 vc_col-md-6&#8243;][vc_empty_space height=\u00bb30px\u00bb][\/vc_column_inner][vc_column_inner offset=\u00bbvc_col-lg-3 vc_col-md-6&#8243;][vc_empty_space height=\u00bb30px\u00bb][\/vc_column_inner][vc_column_inner offset=\u00bbvc_col-lg-3 vc_col-md-6&#8243;][vc_empty_space height=\u00bb30px\u00bb][\/vc_column_inner][vc_column_inner offset=\u00bbvc_col-lg-3 vc_col-md-6&#8243;][vc_empty_space height=\u00bb30px\u00bb][\/vc_column_inner][\/vc_row_inner][\/qode_elements_holder_item][\/qode_elements_holder][\/vc_column][\/vc_row][vc_row css_animation=\u00bb\u00bb row_type=\u00bbrow\u00bb use_row_as_full_screen_section=\u00bbno\u00bb type=\u00bbgrid\u00bb angled_section=\u00bbno\u00bb text_align=\u00bbcenter\u00bb background_image_as_pattern=\u00bbwithout_pattern\u00bb padding_top=\u00bb50&#8243; padding_bottom=\u00bb50&#8243; css=\u00bb.vc_custom_1543933237100{background-position: center !important;background-repeat: no-repeat !important;background-size: cover !important;}\u00bb z_index=\u00bb\u00bb][vc_column][vc_empty_space height=\u00bb15px\u00bb][vc_column_text]<\/p>\n<h1>Opiniones dels nuestros clientes<\/h1>\n<p>[\/vc_column_text][vc_separator type=\u00bbsmall\u00bb position=\u00bbcenter\u00bb color=\u00bb#799900&#8243; thickness=\u00bb4&#8243; width=\u00bb48&#8243; up=\u00bb19&#8243; down=\u00bb39&#8243;]<div class='testimonials_c_holder clearfix dark'><div class=\"testimonials_c testimonials_c_carousel\" data-show-navigation=\"yes\" data-animation-speed=\"\" data-auto-rotate-slides=\"3\" data-number-per-slide=\"3\"><ul class=\"slides\"><li id=\"testimonials-c-602\" class=\"testimonial_content\"><div class=\"testimonial_content_inner\"><div class=\"testimonial_text_holder\"><div class=\"testimonial_text_inner\" style=\"\"><p style=\"font-size:14px\">Visita obligada para los amantes del buen hacer y la cocina sana. No os podeis perder las delicias de tofu y calabacin, el cus cus al curry con manzana caramelizada, la brocheta de seitan y verduras al horno, etc etc...\r\nLos postres caseros son buen\u00edsimos y adem\u00e1s siempre te invitan a una copita de cava de bienvenida con el men\u00fa.<\/p><p class=\"testimonial_author\" style=\"\">- Eugenia<\/p><\/div><\/div><\/div><\/li><li id=\"testimonials-c-604\" class=\"testimonial_content\"><div class=\"testimonial_content_inner\"><div class=\"testimonial_text_holder\"><div class=\"testimonial_text_inner\" style=\"\"><p style=\"font-size:14px\">Restaurante acogedor, hacen men\u00fa todos los d\u00edas, la comida es correcta, el servicio amable y profesional, est\u00e1 en una zona que es bastante c\u00e9ntrica y se puede aparcar.<\/p><p class=\"testimonial_author\" style=\"\">- Maria Dolors<\/p><\/div><\/div><\/div><\/li><li id=\"testimonials-c-606\" class=\"testimonial_content\"><div class=\"testimonial_content_inner\"><div class=\"testimonial_text_holder\"><div class=\"testimonial_text_inner\" style=\"\"><p style=\"font-size:14px\">Sencillamente perfecto, la sopa fria de remolacha, muy buena y el helado de la casa, tambi\u00e9n. El personal es muy amable.<\/p><p class=\"testimonial_author\" style=\"\">- Antonio<\/p><\/div><\/div><\/div><\/li><li id=\"testimonials-c-608\" class=\"testimonial_content\"><div class=\"testimonial_content_inner\"><div class=\"testimonial_text_holder\"><div class=\"testimonial_text_inner\" style=\"\"><p style=\"font-size:14px\">Vamos con frecuencia desde hace tiempo y es siempre un placer, la atenci\u00f3n estupenda, copita de cava de inicio, la comida y el ambiente agradables, tienen men\u00fa bien preparado y con un precio m\u00e1s que justo, el detalle de hoy es que en la carta hab\u00eda un plato solidario que era durum relleno de vegetales y crema, lo pedimos para contribuir con la causa, bonito detalle del restaurante, muchos deber\u00edan seguir su ejemplo! Como siempre repetiremos....<\/p><p class=\"testimonial_author\" style=\"\">- Bertha<\/p><\/div><\/div><\/div><\/li><li id=\"testimonials-c-609\" class=\"testimonial_content\"><div class=\"testimonial_content_inner\"><div class=\"testimonial_text_holder\"><div class=\"testimonial_text_inner\" style=\"\"><p style=\"font-size:14px\">Altamente recomendable. Su cocina es muy original y est\u00e1 muy rica y bien presentada. Yo no soy vegetariano pero disfrut\u00e9 much\u00edsimo. El men\u00fa, de 14 \u20ac, lo encontr\u00e9 muy acertado, con varios platos a escoger, vegetarianos y veganos. El servicio es muy profesional y amable, explica perfectamente los platos que ofrecen y el caf\u00e9, muy bien hecho. Se nota que el maitre, Loris, es italiano.<\/p><p class=\"testimonial_author\" style=\"\">- Mart\u00ed<\/p><\/div><\/div><\/div><\/li><li id=\"testimonials-c-610\" class=\"testimonial_content\"><div class=\"testimonial_content_inner\"><div class=\"testimonial_text_holder\"><div class=\"testimonial_text_inner\" style=\"\"><p style=\"font-size:14px\">Platos muy bien elaborados junto con un servicio esmerado. Es de agradecer la amplia distancia entre las mesas. Lugar ideal para cenar con calma en pareja A destacar el pastel \"Amaranta\"<\/p><p class=\"testimonial_author\" style=\"\">- Isabel<\/p><\/div><\/div><\/div><\/li><\/ul><\/div><\/div>[\/vc_column][\/vc_row][vc_row css_animation=\u00bb\u00bb row_type=\u00bbrow\u00bb use_row_as_full_screen_section=\u00bbno\u00bb type=\u00bbgrid\u00bb angled_section=\u00bbno\u00bb text_align=\u00bbleft\u00bb background_image_as_pattern=\u00bbwithout_pattern\u00bb padding_top=\u00bb7&#8243; padding_bottom=\u00bb2&#8243; css=\u00bb.vc_custom_1543506463764{background-color: #799900 !important;}\u00bb z_index=\u00bb\u00bb][vc_column]<div class=\"container_inner\"><div class=\"call_to_action normal\" style=\"background-color: #799900;\"><div class=\"two_columns_75_25 clearfix\"><div class=\"text_wrapper column1\"><div class=\"call_to_action_text \" style=\"\">\n<h2>Reserva al: <span style=\"color: #ffffff\">(+34) 972 940 832<\/span><\/h2>\n<h5>O env\u00edanos un mensaje desde el formulario de contacto:<\/h5>\n<\/div><\/div><div class=\"button_wrapper column2\"><a itemprop=\"url\" href=\"\/es\/contacto\" class=\"qbutton white \" target=\"_self\" style=\"color: #1a1a1a;border-color: #ffffff;background-color:#ffffff;\" data-hover-background-color=#1a1a1a data-hover-border-color=#1a1a1a data-hover-color=#ffffff>IR AL FORMULARIO<\/a><\/div><\/div><\/div><\/div>[\/vc_column][\/vc_row]<\/p>\n<\/div>","protected":false},"excerpt":{"rendered":"<p>[vc_row css_animation=\u00bb\u00bb row_type=\u00bbrow\u00bb use_row_as_full_screen_section=\u00bbno\u00bb type=\u00bbfull_width\u00bb angled_section=\u00bbno\u00bb text_align=\u00bbleft\u00bb background_image_as_pattern=\u00bbwithout_pattern\u00bb z_index=\u00bb\u00bb][vc_column][rev_slider_vc alias=\u00bbhome-slider-es\u00bb][\/vc_column][\/vc_row][vc_row css_animation=\u00bb\u00bb row_type=\u00bbrow\u00bb use_row_as_full_screen_section=\u00bbno\u00bb type=\u00bbgrid\u00bb angled_section=\u00bbno\u00bb text_align=\u00bbcenter\u00bb background_image_as_pattern=\u00bbwithout_pattern\u00bb z_index=\u00bb\u00bb css=\u00bb.vc_custom_1515744295490{background-color: #ecebeb !important;}\u00bb][vc_column css=\u00bb.vc_custom_1515594685991{margin-top: -14% !important;}\u00bb][vc_row_inner row_type=\u00bbrow\u00bb type=\u00bbfull_width\u00bb text_align=\u00bbcenter\u00bb css_animation=\u00bb\u00bb][vc_column_inner offset=\u00bbvc_col-md-4&#8243;][qode_elements_holder number_of_columns=\u00bbone_column\u00bb][qode_elements_holder_item background_color=\u00bb#ffffff\u00bb item_padding=\u00bb13% 11% 13% 11%\u00bb advanced_animations=\u00bbno\u00bb][vc_single_image image=\u00bb383&#8243; img_size=\u00bbfull\u00bb alignment=\u00bbcenter\u00bb qode_css_animation=\u00bb\u00bb][vc_empty_space height=\u00bb34px\u00bb][vc_column_text] Productos de temporada [\/vc_column_text][vc_empty_space&#8230;<\/p>\n","protected":false},"author":1,"featured_media":0,"parent":0,"menu_order":0,"comment_status":"closed","ping_status":"closed","template":"full_width.php","meta":{"footnotes":""},"class_list":["post-534","page","type-page","status-publish","hentry"],"yoast_head":"<!-- This site is optimized with the Yoast SEO plugin v27.4 - https:\/\/yoast.com\/product\/yoast-seo-wordpress\/ -->\n<title>Inicio - Amaranta Vegetal<\/title>\n<meta name=\"robots\" content=\"index, follow, max-snippet:-1, max-image-preview:large, max-video-preview:-1\" \/>\n<link rel=\"canonical\" href=\"https:\/\/amarantavegetal.cat\/es\/\" \/>\n<meta property=\"og:locale\" content=\"es_ES\" \/>\n<meta property=\"og:type\" content=\"article\" \/>\n<meta property=\"og:title\" content=\"Inicio - Amaranta Vegetal\" \/>\n<meta property=\"og:description\" content=\"[vc_row css_animation=\u00bb\u00bb row_type=\u00bbrow\u00bb use_row_as_full_screen_section=\u00bbno\u00bb type=\u00bbfull_width\u00bb angled_section=\u00bbno\u00bb text_align=\u00bbleft\u00bb background_image_as_pattern=\u00bbwithout_pattern\u00bb z_index=\u00bb\u00bb][vc_column][rev_slider_vc alias=\u00bbhome-slider-es\u00bb][\/vc_column][\/vc_row][vc_row css_animation=\u00bb\u00bb row_type=\u00bbrow\u00bb use_row_as_full_screen_section=\u00bbno\u00bb type=\u00bbgrid\u00bb angled_section=\u00bbno\u00bb text_align=\u00bbcenter\u00bb background_image_as_pattern=\u00bbwithout_pattern\u00bb z_index=\u00bb\u00bb css=\u00bb.vc_custom_1515744295490{background-color: #ecebeb !important;}\u00bb][vc_column css=\u00bb.vc_custom_1515594685991{margin-top: -14% !important;}\u00bb][vc_row_inner row_type=\u00bbrow\u00bb type=\u00bbfull_width\u00bb text_align=\u00bbcenter\u00bb css_animation=\u00bb\u00bb][vc_column_inner offset=\u00bbvc_col-md-4&#8243;][qode_elements_holder number_of_columns=\u00bbone_column\u00bb][qode_elements_holder_item background_color=\u00bb#ffffff\u00bb item_padding=\u00bb13% 11% 13% 11%\u00bb advanced_animations=\u00bbno\u00bb][vc_single_image image=\u00bb383&#8243; img_size=\u00bbfull\u00bb alignment=\u00bbcenter\u00bb qode_css_animation=\u00bb\u00bb][vc_empty_space height=\u00bb34px\u00bb][vc_column_text] Productos de temporada [\/vc_column_text][vc_empty_space...\" \/>\n<meta property=\"og:url\" content=\"https:\/\/amarantavegetal.cat\/es\/\" \/>\n<meta property=\"og:site_name\" content=\"Amaranta Vegetal\" \/>\n<meta property=\"article:publisher\" content=\"https:\/\/www.facebook.com\/AmarantaRestaurantVegetaria\/\" \/>\n<meta property=\"article:modified_time\" content=\"2019-05-06T13:24:35+00:00\" \/>\n<meta name=\"twitter:card\" content=\"summary_large_image\" \/>\n<meta name=\"twitter:label1\" content=\"Tiempo de lectura\" \/>\n\t<meta name=\"twitter:data1\" content=\"8 minutos\" \/>\n<script type=\"application\/ld+json\" class=\"yoast-schema-graph\">{\"@context\":\"https:\\\/\\\/schema.org\",\"@graph\":[{\"@type\":\"WebPage\",\"@id\":\"https:\\\/\\\/amarantavegetal.cat\\\/es\\\/\",\"url\":\"https:\\\/\\\/amarantavegetal.cat\\\/es\\\/\",\"name\":\"Inicio - Amaranta Vegetal\",\"isPartOf\":{\"@id\":\"https:\\\/\\\/amarantavegetal.cat\\\/#website\"},\"datePublished\":\"2018-01-10T14:15:28+00:00\",\"dateModified\":\"2019-05-06T13:24:35+00:00\",\"breadcrumb\":{\"@id\":\"https:\\\/\\\/amarantavegetal.cat\\\/es\\\/#breadcrumb\"},\"inLanguage\":\"es\",\"potentialAction\":[{\"@type\":\"ReadAction\",\"target\":[\"https:\\\/\\\/amarantavegetal.cat\\\/es\\\/\"]}]},{\"@type\":\"BreadcrumbList\",\"@id\":\"https:\\\/\\\/amarantavegetal.cat\\\/es\\\/#breadcrumb\",\"itemListElement\":[{\"@type\":\"ListItem\",\"position\":1,\"name\":\"Inici\",\"item\":\"https:\\\/\\\/amarantavegetal.cat\\\/es\\\/\"},{\"@type\":\"ListItem\",\"position\":2,\"name\":\"Inicio\"}]},{\"@type\":\"WebSite\",\"@id\":\"https:\\\/\\\/amarantavegetal.cat\\\/#website\",\"url\":\"https:\\\/\\\/amarantavegetal.cat\\\/\",\"name\":\"Amaranta Vegetal\",\"description\":\"Restaurant de cuina vegetariana\",\"potentialAction\":[{\"@type\":\"SearchAction\",\"target\":{\"@type\":\"EntryPoint\",\"urlTemplate\":\"https:\\\/\\\/amarantavegetal.cat\\\/?s={search_term_string}\"},\"query-input\":{\"@type\":\"PropertyValueSpecification\",\"valueRequired\":true,\"valueName\":\"search_term_string\"}}],\"inLanguage\":\"es\"}]}<\/script>\n<!-- \/ Yoast SEO plugin. -->","yoast_head_json":{"title":"Inicio - Amaranta Vegetal","robots":{"index":"index","follow":"follow","max-snippet":"max-snippet:-1","max-image-preview":"max-image-preview:large","max-video-preview":"max-video-preview:-1"},"canonical":"https:\/\/amarantavegetal.cat\/es\/","og_locale":"es_ES","og_type":"article","og_title":"Inicio - Amaranta Vegetal","og_description":"[vc_row css_animation=\u00bb\u00bb row_type=\u00bbrow\u00bb use_row_as_full_screen_section=\u00bbno\u00bb type=\u00bbfull_width\u00bb angled_section=\u00bbno\u00bb text_align=\u00bbleft\u00bb background_image_as_pattern=\u00bbwithout_pattern\u00bb z_index=\u00bb\u00bb][vc_column][rev_slider_vc alias=\u00bbhome-slider-es\u00bb][\/vc_column][\/vc_row][vc_row css_animation=\u00bb\u00bb row_type=\u00bbrow\u00bb use_row_as_full_screen_section=\u00bbno\u00bb type=\u00bbgrid\u00bb angled_section=\u00bbno\u00bb text_align=\u00bbcenter\u00bb background_image_as_pattern=\u00bbwithout_pattern\u00bb z_index=\u00bb\u00bb css=\u00bb.vc_custom_1515744295490{background-color: #ecebeb !important;}\u00bb][vc_column css=\u00bb.vc_custom_1515594685991{margin-top: -14% !important;}\u00bb][vc_row_inner row_type=\u00bbrow\u00bb type=\u00bbfull_width\u00bb text_align=\u00bbcenter\u00bb css_animation=\u00bb\u00bb][vc_column_inner offset=\u00bbvc_col-md-4&#8243;][qode_elements_holder number_of_columns=\u00bbone_column\u00bb][qode_elements_holder_item background_color=\u00bb#ffffff\u00bb item_padding=\u00bb13% 11% 13% 11%\u00bb advanced_animations=\u00bbno\u00bb][vc_single_image image=\u00bb383&#8243; img_size=\u00bbfull\u00bb alignment=\u00bbcenter\u00bb qode_css_animation=\u00bb\u00bb][vc_empty_space height=\u00bb34px\u00bb][vc_column_text] Productos de temporada [\/vc_column_text][vc_empty_space...","og_url":"https:\/\/amarantavegetal.cat\/es\/","og_site_name":"Amaranta Vegetal","article_publisher":"https:\/\/www.facebook.com\/AmarantaRestaurantVegetaria\/","article_modified_time":"2019-05-06T13:24:35+00:00","twitter_card":"summary_large_image","twitter_misc":{"Tiempo de lectura":"8 minutos"},"schema":{"@context":"https:\/\/schema.org","@graph":[{"@type":"WebPage","@id":"https:\/\/amarantavegetal.cat\/es\/","url":"https:\/\/amarantavegetal.cat\/es\/","name":"Inicio - Amaranta Vegetal","isPartOf":{"@id":"https:\/\/amarantavegetal.cat\/#website"},"datePublished":"2018-01-10T14:15:28+00:00","dateModified":"2019-05-06T13:24:35+00:00","breadcrumb":{"@id":"https:\/\/amarantavegetal.cat\/es\/#breadcrumb"},"inLanguage":"es","potentialAction":[{"@type":"ReadAction","target":["https:\/\/amarantavegetal.cat\/es\/"]}]},{"@type":"BreadcrumbList","@id":"https:\/\/amarantavegetal.cat\/es\/#breadcrumb","itemListElement":[{"@type":"ListItem","position":1,"name":"Inici","item":"https:\/\/amarantavegetal.cat\/es\/"},{"@type":"ListItem","position":2,"name":"Inicio"}]},{"@type":"WebSite","@id":"https:\/\/amarantavegetal.cat\/#website","url":"https:\/\/amarantavegetal.cat\/","name":"Amaranta Vegetal","description":"Restaurant de cuina vegetariana","potentialAction":[{"@type":"SearchAction","target":{"@type":"EntryPoint","urlTemplate":"https:\/\/amarantavegetal.cat\/?s={search_term_string}"},"query-input":{"@type":"PropertyValueSpecification","valueRequired":true,"valueName":"search_term_string"}}],"inLanguage":"es"}]}},"_links":{"self":[{"href":"https:\/\/amarantavegetal.cat\/es\/wp-json\/wp\/v2\/pages\/534","targetHints":{"allow":["GET"]}}],"collection":[{"href":"https:\/\/amarantavegetal.cat\/es\/wp-json\/wp\/v2\/pages"}],"about":[{"href":"https:\/\/amarantavegetal.cat\/es\/wp-json\/wp\/v2\/types\/page"}],"author":[{"embeddable":true,"href":"https:\/\/amarantavegetal.cat\/es\/wp-json\/wp\/v2\/users\/1"}],"replies":[{"embeddable":true,"href":"https:\/\/amarantavegetal.cat\/es\/wp-json\/wp\/v2\/comments?post=534"}],"version-history":[{"count":15,"href":"https:\/\/amarantavegetal.cat\/es\/wp-json\/wp\/v2\/pages\/534\/revisions"}],"predecessor-version":[{"id":617,"href":"https:\/\/amarantavegetal.cat\/es\/wp-json\/wp\/v2\/pages\/534\/revisions\/617"}],"wp:attachment":[{"href":"https:\/\/amarantavegetal.cat\/es\/wp-json\/wp\/v2\/media?parent=534"}],"curies":[{"name":"wp","href":"https:\/\/api.w.org\/{rel}","templated":true}]}}